{"id":137,"date":"2021-04-12T19:51:26","date_gmt":"2021-04-12T19:51:26","guid":{"rendered":"http:\/\/abundantlife.ch\/fr\/index.php\/pro-life\/"},"modified":"2021-04-12T19:51:56","modified_gmt":"2021-04-12T19:51:56","slug":"pro-life","status":"publish","type":"page","link":"https:\/\/abundantlife.ch\/fr\/index.php\/pro-life\/","title":{"rendered":"Pro-life"},"content":{"rendered":"\n  \n    <section class=\"u-clearfix u-section-1\" id=\"sec-88ec\">\n      <div class=\"u-clearfix u-sheet u-valign-middle-xs u-sheet-1\">\n        <h1 class=\"u-text u-text-custom-color-2 u-text-1\"><b style=\"\">Pro-life<\/b>\n          <br>\n        <\/h1>\n        <img src=\"http:\/\/abundantlife.ch\/fr\/wp-content\/uploads\/2021\/04\/prolife7_11-1.jpg\" alt=\"\" class=\"u-image u-image-default u-image-1\" data-image-width=\"4780\" data-image-height=\"3584\">\n        <p class=\"u-align-center u-text u-text-2\">Le minist\u00e8re de \"La Vie Abondante\"\n(Cha\u00efm Beshefa en h\u00e9breu) est une organisation \u00e0 but non lucratif luttant pour\nla protection de la m\u00e8re et du b\u00e9b\u00e9 qu'elle porte en son sein. Des b\u00e9b\u00e9s sont\nsauv\u00e9s de l'avortement au travers de notre permanence t\u00e9l\u00e9phonique, dont le\nnum\u00e9ro est publi\u00e9 sur notre page internet. Nos conseill\u00e8res r\u00e9pondent aux\nappels de femmes qui sont enceintes et en situation de crise ou de grossesse\nnon d\u00e9sir\u00e9e. Elles leurs prodiguent un soutien \u00e9motionnel et un suivi durant\ntoute la grossesse et apr\u00e8s la naissance, jusqu'\u00e0 ce qu'elles puissent continuer\n\u00e0 voler de leurs propres ailes. Nous avons la possibilit\u00e9 de b\u00e9nir chaque femme\nqui en a besoin avec des meubles pour b\u00e9b\u00e9 et d'autres objets.<br>\n        <\/p>\n        <blockquote class=\"u-align-center u-text u-text-default u-text-3\">\"Mais toi, tu dois parler pour d\u00e9fendre\nceux qui n'ont pas la parole et pour prendre le parti des laiss\u00e9s pour compte.\"\nProverbes 31:8 (Bible en fran\u00e7ais courant)<b><\/b>\n        <\/blockquote>\n      <\/div>\n    <\/section>\n    \n    \n    \n    \n  \n","protected":false},"excerpt":{"rendered":"<p>Pro-life Le minist\u00e8re de &#8220;La Vie Abondante&#8221; (Cha\u00efm Beshefa en h\u00e9breu) est une organisation \u00e0 but non lucratif luttant pour la protection de la m\u00e8re et du b\u00e9b\u00e9 qu&#8217;elle porte en son sein. Des b\u00e9b\u00e9s sont sauv\u00e9s de l&#8217;avortement au travers de notre permanence t\u00e9l\u00e9phonique, dont le num\u00e9ro est publi\u00e9 sur notre page internet. Nos &hellip; <a href=\"https:\/\/abundantlife.ch\/fr\/index.php\/pro-life\/\" class=\"more-link\">Continue reading<span class=\"screen-reader-text\"> &#8220;Pro-life&#8221;<\/span><\/a><\/p>\n","protected":false},"author":1,"featured_media":0,"parent":0,"menu_order":10,"comment_status":"closed","ping_status":"closed","template":"","meta":{"om_disable_all_campaigns":false,"_monsterinsights_skip_tracking":false,"_monsterinsights_sitenote_active":false,"_monsterinsights_sitenote_note":"","_monsterinsights_sitenote_category":0},"_links":{"self":[{"href":"https:\/\/abundantlife.ch\/fr\/index.php\/wp-json\/wp\/v2\/pages\/137"}],"collection":[{"href":"https:\/\/abundantlife.ch\/fr\/index.php\/wp-json\/wp\/v2\/pages"}],"about":[{"href":"https:\/\/abundantlife.ch\/fr\/index.php\/wp-json\/wp\/v2\/types\/page"}],"author":[{"embeddable":true,"href":"https:\/\/abundantlife.ch\/fr\/index.php\/wp-json\/wp\/v2\/users\/1"}],"replies":[{"embeddable":true,"href":"https:\/\/abundantlife.ch\/fr\/index.php\/wp-json\/wp\/v2\/comments?post=137"}],"version-history":[{"count":1,"href":"https:\/\/abundantlife.ch\/fr\/index.php\/wp-json\/wp\/v2\/pages\/137\/revisions"}],"predecessor-version":[{"id":175,"href":"https:\/\/abundantlife.ch\/fr\/index.php\/wp-json\/wp\/v2\/pages\/137\/revisions\/175"}],"wp:attachment":[{"href":"https:\/\/abundantlife.ch\/fr\/index.php\/wp-json\/wp\/v2\/media?parent=137"}],"curies":[{"name":"wp","href":"https:\/\/api.w.org\/{rel}","templated":true}]}}